{"id":4097,"date":"2023-07-26T04:32:59","date_gmt":"2023-07-26T04:32:59","guid":{"rendered":"https:\/\/claus-carla.ch\/emplois\/"},"modified":"2026-07-17T11:53:22","modified_gmt":"2026-07-17T11:53:22","slug":"emplois","status":"publish","type":"page","link":"https:\/\/claus-carla.ch\/fr\/emplois\/","title":{"rendered":"Emplois"},"content":{"rendered":"\t\t<div data-elementor-type=\"wp-page\" data-elementor-id=\"4097\" class=\"elementor elementor-4097 elementor-23\" data-elementor-post-type=\"page\">\n\t\t\t\t\t\t<section class=\"elementor-section elementor-top-section elementor-element elementor-element-73d9e95 elementor-section-full_width elementor-section-height-default elementor-section-height-default\" data-id=\"73d9e95\" data-element_type=\"section\" data-e-type=\"section\">\n\t\t\t\t\t\t<div class=\"elementor-container elementor-column-gap-default\">\n\t\t\t\t\t<div class=\"elementor-column elementor-col-100 elementor-top-column elementor-element elementor-element-2f66fb7\" data-id=\"2f66fb7\" data-element_type=\"column\" data-e-type=\"column\">\n\t\t\t<div class=\"elementor-widget-wrap elementor-element-populated\">\n\t\t\t\t\t\t<div class=\"elementor-element elementor-element-0d5448a elementor-widget elementor-widget-hero_banner\" data-id=\"0d5448a\" data-element_type=\"widget\" data-e-type=\"widget\" data-widget_type=\"hero_banner.default\">\n\t\t\t\t<div class=\"elementor-widget-container\">\n\t\t\t\t\t\t\t\t<div class=\"hr-banner wrap-hero-banner\">\r\n\t\t\t\t<div class=\"content-banner\">\r\n\t\t\t\t\t<div class=\"col-left\">\r\n\t\t\t\t\t\t<h3 class=\"bn-heading\">Emplois et carri\u00e8re<\/h3>\r\n\t\t\t\t\t\t<h1 class=\"bn-title\">Opportunit\u00e9s de carri\u00e8re<\/h1>\r\n\t\t\t\t\t\t<div class=\"sroll-down\"><a href=\"#bottom\"><\/a><\/div>\r\n\t\t\t\t\t<\/div>\r\n\t\t\t\t\t<div class=\"col-right\">\r\n\t\t\t\t\t\t<div class=\"bn-image\">\r\n\t\t\t\t\t\t\t<img decoding=\"async\" src=\"https:\/\/claus-carla.ch\/wp-content\/uploads\/2024\/10\/Jobs_Slider-Spiegel.png\">\r\n\t\t\t\t\t\t\t<div class=\"icon-logo\">\r\n\t\t\t\t\t\t\t\t<img decoding=\"async\" src=\"https:\/\/claus-carla.ch\/wp-content\/uploads\/2024\/10\/Claus-Carla-GIF-4.gif\" alt=\"\">\t\t\t\t\t\t\t<\/div>\r\n\t\t\t\t\t\t<\/div>\r\n\t\t\t\t\t<\/div>\r\n\t\t\t\t<\/div>\r\n\r\n\t\t\t<\/div>\r\n\t\t\t\t\t\t<\/div>\n\t\t\t\t<\/div>\n\t\t\t\t\t<\/div>\n\t\t<\/div>\n\t\t\t\t\t<\/div>\n\t\t<\/section>\n\t\t\t\t<section class=\"elementor-section elementor-top-section elementor-element elementor-element-16b36e5 st-padding-mobile elementor-section-boxed elementor-section-height-default elementor-section-height-default\" data-id=\"16b36e5\" data-element_type=\"section\" data-e-type=\"section\">\n\t\t\t\t\t\t<div class=\"elementor-container elementor-column-gap-default\">\n\t\t\t\t\t<div class=\"elementor-column elementor-col-100 elementor-top-column elementor-element elementor-element-50e3d85\" data-id=\"50e3d85\" data-element_type=\"column\" data-e-type=\"column\">\n\t\t\t<div class=\"elementor-widget-wrap elementor-element-populated\">\n\t\t\t\t\t\t<div class=\"elementor-element elementor-element-fb5a336 elementor-widget__width-initial elementor-widget elementor-widget-text-editor\" data-id=\"fb5a336\" data-element_type=\"widget\" data-e-type=\"widget\" data-widget_type=\"text-editor.default\">\n\t\t\t\t<div class=\"elementor-widget-container\">\n\t\t\t\t\t\t\t\t\t<p style=\"padding-left: 40px;\">Faites-vous preuve d&rsquo;une grande motivation, d&rsquo;un engagement sans faille et d&rsquo;excellentes comp\u00e9tences en communication ? Exercez-vous votre m\u00e9tier avec passion et avez-vous suivi une formation professionnelle compl\u00e8te ? Votre pr\u00e9sentation est-elle toujours soign\u00e9e et dans l&rsquo;air du temps, et vous distinguez-vous par d&rsquo;excellentes mani\u00e8res ? Dans ce cas, vous vous int\u00e9grerez parfaitement \u00e0 notre \u00e9quipe.<\/p><p>Nous vous proposons un poste moderne au sein d&rsquo;un environnement dynamique, des possibilit\u00e9s de formation continue et la collaboration avec une \u00e9quipe dynamique et motiv\u00e9e. De plus, vous b\u00e9n\u00e9ficierez d&rsquo;avantages r\u00e9serv\u00e9s aux collaborateurs, tels que des r\u00e9ductions, des perspectives de r\u00e9mun\u00e9ration attractives, des perspectives d&rsquo;\u00e9volution claires et des formations r\u00e9guli\u00e8res sur nos produits.<\/p>\t\t\t\t\t\t\t\t<\/div>\n\t\t\t\t<\/div>\n\t\t\t\t<div class=\"elementor-element elementor-element-675466b elementor-widget elementor-widget-text-editor\" data-id=\"675466b\" data-element_type=\"widget\" data-e-type=\"widget\" data-widget_type=\"text-editor.default\">\n\t\t\t\t<div class=\"elementor-widget-container\">\n\t\t\t\t\t\t\t\t\t<p style=\"text-align: center;\">Postulez d\u00e8s maintenant aux postes suivants :<\/p>\t\t\t\t\t\t\t\t<\/div>\n\t\t\t\t<\/div>\n\t\t\t\t<section class=\"elementor-section elementor-inner-section elementor-element elementor-element-182d77e elementor-section-content-space-evenly elementor-section-boxed elementor-section-height-default elementor-section-height-default\" data-id=\"182d77e\" data-element_type=\"section\" data-e-type=\"section\">\n\t\t\t\t\t\t<div class=\"elementor-container elementor-column-gap-default\">\n\t\t\t\t\t<div class=\"elementor-column elementor-col-50 elementor-inner-column elementor-element elementor-element-ac0717d\" data-id=\"ac0717d\" data-element_type=\"column\" data-e-type=\"column\">\n\t\t\t<div class=\"elementor-widget-wrap elementor-element-populated\">\n\t\t\t\t\t\t<div class=\"elementor-element elementor-element-f1384c8 elementor-align-right elementor-mobile-align-center elementor-widget elementor-widget-button\" data-id=\"f1384c8\" data-element_type=\"widget\" data-e-type=\"widget\" data-widget_type=\"button.default\">\n\t\t\t\t<div class=\"elementor-widget-container\">\n\t\t\t\t\t\t\t\t\t<div class=\"elementor-button-wrapper\">\n\t\t\t\t\t<a class=\"elementor-button elementor-button-link elementor-size-sm\" href=\"https:\/\/app.jobportal.abaservices.ch\/job-overview\/131528a0-8c8a-4402-80a6-def8d0ca1b81\">\n\t\t\t\t\t\t<span class=\"elementor-button-content-wrapper\">\n\t\t\t\t\t\t\t\t\t<span class=\"elementor-button-text\">Coiffeuse \/ Coiffeur<\/span>\n\t\t\t\t\t<\/span>\n\t\t\t\t\t<\/a>\n\t\t\t\t<\/div>\n\t\t\t\t\t\t\t\t<\/div>\n\t\t\t\t<\/div>\n\t\t\t\t\t<\/div>\n\t\t<\/div>\n\t\t\t\t<div class=\"elementor-column elementor-col-50 elementor-inner-column elementor-element elementor-element-c64c05e\" data-id=\"c64c05e\" data-element_type=\"column\" data-e-type=\"column\">\n\t\t\t<div class=\"elementor-widget-wrap elementor-element-populated\">\n\t\t\t\t\t\t<div class=\"elementor-element elementor-element-dfc2083 elementor-mobile-align-center elementor-widget elementor-widget-button\" data-id=\"dfc2083\" data-element_type=\"widget\" data-e-type=\"widget\" data-widget_type=\"button.default\">\n\t\t\t\t<div class=\"elementor-widget-container\">\n\t\t\t\t\t\t\t\t\t<div class=\"elementor-button-wrapper\">\n\t\t\t\t\t<a class=\"elementor-button elementor-button-link elementor-size-sm\" href=\"https:\/\/app.jobportal.abaservices.ch\/job-overview\/7e4a6b0c-4c6b-465b-aa31-4eba63bfdd9b\">\n\t\t\t\t\t\t<span class=\"elementor-button-content-wrapper\">\n\t\t\t\t\t\t\t\t\t<span class=\"elementor-button-text\">Apprentis<\/span>\n\t\t\t\t\t<\/span>\n\t\t\t\t\t<\/a>\n\t\t\t\t<\/div>\n\t\t\t\t\t\t\t\t<\/div>\n\t\t\t\t<\/div>\n\t\t\t\t\t<\/div>\n\t\t<\/div>\n\t\t\t\t\t<\/div>\n\t\t<\/section>\n\t\t\t\t\t<\/div>\n\t\t<\/div>\n\t\t\t\t\t<\/div>\n\t\t<\/section>\n\t\t\t\t<section class=\"elementor-section elementor-top-section elementor-element elementor-element-0a908c8 elementor-section-boxed elementor-section-height-default elementor-section-height-default\" data-id=\"0a908c8\" data-element_type=\"section\" data-e-type=\"section\">\n\t\t\t\t\t\t<div class=\"elementor-container elementor-column-gap-default\">\n\t\t\t\t\t<div class=\"elementor-column elementor-col-100 elementor-top-column elementor-element elementor-element-e6b38f3\" data-id=\"e6b38f3\" data-element_type=\"column\" data-e-type=\"column\">\n\t\t\t<div class=\"elementor-widget-wrap elementor-element-populated\">\n\t\t\t\t\t\t<div class=\"elementor-element elementor-element-2aaa72d hide-acc-first elementor-widget elementor-widget-accordion\" data-id=\"2aaa72d\" data-element_type=\"widget\" data-e-type=\"widget\" data-widget_type=\"accordion.default\">\n\t\t\t\t<div class=\"elementor-widget-container\">\n\t\t\t\t\t\t\t<div class=\"elementor-accordion\">\n\t\t\t\t\t\t\t<div class=\"elementor-accordion-item\">\n\t\t\t\t\t<div id=\"elementor-tab-title-4471\" class=\"elementor-tab-title\" data-tab=\"1\" role=\"button\" aria-controls=\"elementor-tab-content-4471\" aria-expanded=\"false\">\n\t\t\t\t\t\t\t\t\t\t\t\t\t<span class=\"elementor-accordion-icon elementor-accordion-icon-left\" aria-hidden=\"true\">\n\t\t\t\t\t\t\t\t\t\t\t\t\t\t\t<span class=\"elementor-accordion-icon-closed\"><i class=\"fas fa-chevron-down\"><\/i><\/span>\n\t\t\t\t\t\t\t\t<span class=\"elementor-accordion-icon-opened\"><i class=\"fas fa-chevron-up\"><\/i><\/span>\n\t\t\t\t\t\t\t\t\t\t\t\t\t\t<\/span>\n\t\t\t\t\t\t\t\t\t\t\t\t<a class=\"elementor-accordion-title\" tabindex=\"0\">Hidden Item First<\/a>\n\t\t\t\t\t<\/div>\n\t\t\t\t\t<div id=\"elementor-tab-content-4471\" class=\"elementor-tab-content elementor-clearfix\" data-tab=\"1\" role=\"region\" aria-labelledby=\"elementor-tab-title-4471\"><\/div>\n\t\t\t\t<\/div>\n\t\t\t\t\t\t\t<div class=\"elementor-accordion-item\">\n\t\t\t\t\t<div id=\"elementor-tab-title-4472\" class=\"elementor-tab-title\" data-tab=\"2\" role=\"button\" aria-controls=\"elementor-tab-content-4472\" aria-expanded=\"false\">\n\t\t\t\t\t\t\t\t\t\t\t\t\t<span class=\"elementor-accordion-icon elementor-accordion-icon-left\" aria-hidden=\"true\">\n\t\t\t\t\t\t\t\t\t\t\t\t\t\t\t<span class=\"elementor-accordion-icon-closed\"><i class=\"fas fa-chevron-down\"><\/i><\/span>\n\t\t\t\t\t\t\t\t<span class=\"elementor-accordion-icon-opened\"><i class=\"fas fa-chevron-up\"><\/i><\/span>\n\t\t\t\t\t\t\t\t\t\t\t\t\t\t<\/span>\n\t\t\t\t\t\t\t\t\t\t\t\t<a class=\"elementor-accordion-title\" tabindex=\"0\"><\/a>\n\t\t\t\t\t<\/div>\n\t\t\t\t\t<div id=\"elementor-tab-content-4472\" class=\"elementor-tab-content elementor-clearfix\" data-tab=\"2\" role=\"region\" aria-labelledby=\"elementor-tab-title-4472\"><p>Emplois et carri\u00e8re : votre avenir commence ici ! D\u00e9couvrez une multitude d&rsquo;opportunit\u00e9s professionnelles sur diff\u00e9rents sites. Que vous soyez en d\u00e9but de carri\u00e8re ou que vous disposiez d\u00e9j\u00e0 d&rsquo;une exp\u00e9rience, nous proposons des offres d&#8217;emploi adapt\u00e9es \u00e0 tous les niveaux de qualification. Postulez d\u00e8s maintenant en toute simplicit\u00e9 via notre plateforme conviviale et trouvez l&#8217;emploi de vos r\u00eaves.   <\/p>\n<\/div>\n\t\t\t\t<\/div>\n\t\t\t\t\t\t\t\t<\/div>\n\t\t\t\t\t\t<\/div>\n\t\t\t\t<\/div>\n\t\t\t\t\t<\/div>\n\t\t<\/div>\n\t\t\t\t\t<\/div>\n\t\t<\/section>\n\t\t\t\t<\/div>\n\t\t","protected":false},"excerpt":{"rendered":"<p>Emplois et carri\u00e8re Opportunit\u00e9s de carri\u00e8re Faites-vous preuve d&rsquo;une grande motivation, d&rsquo;un engagement sans faille et d&rsquo;excellentes comp\u00e9tences en communication ? Exercez-vous votre m\u00e9tier avec passion et avez-vous suivi une formation professionnelle compl\u00e8te ? Votre pr\u00e9sentation est-elle toujours soign\u00e9e et dans l&rsquo;air du temps, et vous distinguez-vous par d&rsquo;excellentes mani\u00e8res ? Dans ce cas, vous [&hellip;]<\/p>\n","protected":false},"author":1,"featured_media":0,"parent":0,"menu_order":0,"comment_status":"closed","ping_status":"closed","template":"","meta":{"_acf_changed":false,"footnotes":""},"class_list":["post-4097","page","type-page","status-publish","hentry"],"acf":[],"yoast_head":"<!-- This site is optimized with the Yoast SEO plugin v28.4 - https:\/\/yoast.com\/product\/yoast-seo-wordpress\/ -->\n<title>Emplois | Coiffure Claus &amp; Carla<\/title>\n<meta name=\"robots\" content=\"index, follow, max-snippet:-1, max-image-preview:large, max-video-preview:-1\" \/>\n<link rel=\"canonical\" href=\"https:\/\/claus-carla.ch\/fr\/emplois\/\" \/>\n<meta property=\"og:locale\" content=\"fr_FR\" \/>\n<meta property=\"og:type\" content=\"article\" \/>\n<meta property=\"og:title\" content=\"Emplois | Coiffure Claus &amp; Carla\" \/>\n<meta property=\"og:description\" content=\"Emplois et carri\u00e8re Opportunit\u00e9s de carri\u00e8re Faites-vous preuve d&rsquo;une grande motivation, d&rsquo;un engagement sans faille et d&rsquo;excellentes comp\u00e9tences en communication ? Exercez-vous votre m\u00e9tier avec passion et avez-vous suivi une formation professionnelle compl\u00e8te ? Votre pr\u00e9sentation est-elle toujours soign\u00e9e et dans l&rsquo;air du temps, et vous distinguez-vous par d&rsquo;excellentes mani\u00e8res ? Dans ce cas, vous [&hellip;]\" \/>\n<meta property=\"og:url\" content=\"https:\/\/claus-carla.ch\/fr\/emplois\/\" \/>\n<meta property=\"og:site_name\" content=\"Coiffure Claus &amp; Carla\" \/>\n<meta property=\"article:modified_time\" content=\"2026-07-17T11:53:22+00:00\" \/>\n<meta property=\"og:image\" content=\"https:\/\/claus-carla.ch\/wp-content\/uploads\/2024\/10\/Jobs_Slider-Spiegel.png\" \/>\n<meta name=\"twitter:card\" content=\"summary_large_image\" \/>\n<meta name=\"twitter:label1\" content=\"Dur\u00e9e de lecture estim\u00e9e\" \/>\n\t<meta name=\"twitter:data1\" content=\"2 minutes\" \/>\n<script type=\"application\/ld+json\" class=\"yoast-schema-graph\">{\"@context\":\"https:\\\/\\\/schema.org\",\"@graph\":[{\"@type\":\"WebPage\",\"@id\":\"https:\\\/\\\/claus-carla.ch\\\/fr\\\/emplois\\\/\",\"url\":\"https:\\\/\\\/claus-carla.ch\\\/fr\\\/emplois\\\/\",\"name\":\"Emplois | Coiffure Claus &amp; Carla\",\"isPartOf\":{\"@id\":\"https:\\\/\\\/claus-carla.ch\\\/fr\\\/#website\"},\"primaryImageOfPage\":{\"@id\":\"https:\\\/\\\/claus-carla.ch\\\/fr\\\/emplois\\\/#primaryimage\"},\"image\":{\"@id\":\"https:\\\/\\\/claus-carla.ch\\\/fr\\\/emplois\\\/#primaryimage\"},\"thumbnailUrl\":\"https:\\\/\\\/claus-carla.ch\\\/wp-content\\\/uploads\\\/2024\\\/10\\\/Jobs_Slider-Spiegel.png\",\"datePublished\":\"2023-07-26T04:32:59+00:00\",\"dateModified\":\"2026-07-17T11:53:22+00:00\",\"breadcrumb\":{\"@id\":\"https:\\\/\\\/claus-carla.ch\\\/fr\\\/emplois\\\/#breadcrumb\"},\"inLanguage\":\"fr-FR\",\"potentialAction\":[{\"@type\":\"ReadAction\",\"target\":[\"https:\\\/\\\/claus-carla.ch\\\/fr\\\/emplois\\\/\"]}]},{\"@type\":\"ImageObject\",\"inLanguage\":\"fr-FR\",\"@id\":\"https:\\\/\\\/claus-carla.ch\\\/fr\\\/emplois\\\/#primaryimage\",\"url\":\"https:\\\/\\\/claus-carla.ch\\\/wp-content\\\/uploads\\\/2024\\\/10\\\/Jobs_Slider-Spiegel.png\",\"contentUrl\":\"https:\\\/\\\/claus-carla.ch\\\/wp-content\\\/uploads\\\/2024\\\/10\\\/Jobs_Slider-Spiegel.png\"},{\"@type\":\"BreadcrumbList\",\"@id\":\"https:\\\/\\\/claus-carla.ch\\\/fr\\\/emplois\\\/#breadcrumb\",\"itemListElement\":[{\"@type\":\"ListItem\",\"position\":1,\"name\":\"Startseite\",\"item\":\"https:\\\/\\\/claus-carla.ch\\\/fr\\\/home\\\/\"},{\"@type\":\"ListItem\",\"position\":2,\"name\":\"Emplois\"}]},{\"@type\":\"WebSite\",\"@id\":\"https:\\\/\\\/claus-carla.ch\\\/fr\\\/#website\",\"url\":\"https:\\\/\\\/claus-carla.ch\\\/fr\\\/\",\"name\":\"Coiffure Claus & Carla\",\"description\":\"\",\"publisher\":{\"@id\":\"https:\\\/\\\/claus-carla.ch\\\/fr\\\/#organization\"},\"alternateName\":\"Claus & Carla\",\"potentialAction\":[{\"@type\":\"SearchAction\",\"target\":{\"@type\":\"EntryPoint\",\"urlTemplate\":\"https:\\\/\\\/claus-carla.ch\\\/fr\\\/?s={search_term_string}\"},\"query-input\":{\"@type\":\"PropertyValueSpecification\",\"valueRequired\":true,\"valueName\":\"search_term_string\"}}],\"inLanguage\":\"fr-FR\"},{\"@type\":[\"Organization\",\"HairSalon\"],\"@id\":\"https:\\\/\\\/claus-carla.ch\\\/fr\\\/#organization\",\"name\":\"Coiffure Claus & Carla\",\"url\":\"https:\\\/\\\/claus-carla.ch\\\/fr\\\/\",\"logo\":{\"@type\":\"ImageObject\",\"inLanguage\":\"fr-FR\",\"@id\":\"https:\\\/\\\/claus-carla.ch\\\/fr\\\/#\\\/schema\\\/logo\\\/image\\\/\",\"url\":\"https:\\\/\\\/claus-carla.ch\\\/wp-content\\\/uploads\\\/2023\\\/07\\\/logo-white-header.png\",\"contentUrl\":\"https:\\\/\\\/claus-carla.ch\\\/wp-content\\\/uploads\\\/2023\\\/07\\\/logo-white-header.png\",\"width\":192,\"height\":69,\"caption\":\"Coiffure Claus & Carla\"},\"image\":{\"@id\":\"https:\\\/\\\/claus-carla.ch\\\/fr\\\/#\\\/schema\\\/logo\\\/image\\\/\"}}]}<\/script>\n<!-- \/ Yoast SEO plugin. -->","yoast_head_json":{"title":"Emplois | Coiffure Claus &amp; Carla","robots":{"index":"index","follow":"follow","max-snippet":"max-snippet:-1","max-image-preview":"max-image-preview:large","max-video-preview":"max-video-preview:-1"},"canonical":"https:\/\/claus-carla.ch\/fr\/emplois\/","og_locale":"fr_FR","og_type":"article","og_title":"Emplois | Coiffure Claus &amp; Carla","og_description":"Emplois et carri\u00e8re Opportunit\u00e9s de carri\u00e8re Faites-vous preuve d&rsquo;une grande motivation, d&rsquo;un engagement sans faille et d&rsquo;excellentes comp\u00e9tences en communication ? Exercez-vous votre m\u00e9tier avec passion et avez-vous suivi une formation professionnelle compl\u00e8te ? Votre pr\u00e9sentation est-elle toujours soign\u00e9e et dans l&rsquo;air du temps, et vous distinguez-vous par d&rsquo;excellentes mani\u00e8res ? Dans ce cas, vous [&hellip;]","og_url":"https:\/\/claus-carla.ch\/fr\/emplois\/","og_site_name":"Coiffure Claus &amp; Carla","article_modified_time":"2026-07-17T11:53:22+00:00","og_image":[{"url":"https:\/\/claus-carla.ch\/wp-content\/uploads\/2024\/10\/Jobs_Slider-Spiegel.png","type":"","width":"","height":""}],"twitter_card":"summary_large_image","twitter_misc":{"Dur\u00e9e de lecture estim\u00e9e":"2 minutes"},"schema":{"@context":"https:\/\/schema.org","@graph":[{"@type":"WebPage","@id":"https:\/\/claus-carla.ch\/fr\/emplois\/","url":"https:\/\/claus-carla.ch\/fr\/emplois\/","name":"Emplois | Coiffure Claus &amp; Carla","isPartOf":{"@id":"https:\/\/claus-carla.ch\/fr\/#website"},"primaryImageOfPage":{"@id":"https:\/\/claus-carla.ch\/fr\/emplois\/#primaryimage"},"image":{"@id":"https:\/\/claus-carla.ch\/fr\/emplois\/#primaryimage"},"thumbnailUrl":"https:\/\/claus-carla.ch\/wp-content\/uploads\/2024\/10\/Jobs_Slider-Spiegel.png","datePublished":"2023-07-26T04:32:59+00:00","dateModified":"2026-07-17T11:53:22+00:00","breadcrumb":{"@id":"https:\/\/claus-carla.ch\/fr\/emplois\/#breadcrumb"},"inLanguage":"fr-FR","potentialAction":[{"@type":"ReadAction","target":["https:\/\/claus-carla.ch\/fr\/emplois\/"]}]},{"@type":"ImageObject","inLanguage":"fr-FR","@id":"https:\/\/claus-carla.ch\/fr\/emplois\/#primaryimage","url":"https:\/\/claus-carla.ch\/wp-content\/uploads\/2024\/10\/Jobs_Slider-Spiegel.png","contentUrl":"https:\/\/claus-carla.ch\/wp-content\/uploads\/2024\/10\/Jobs_Slider-Spiegel.png"},{"@type":"BreadcrumbList","@id":"https:\/\/claus-carla.ch\/fr\/emplois\/#breadcrumb","itemListElement":[{"@type":"ListItem","position":1,"name":"Startseite","item":"https:\/\/claus-carla.ch\/fr\/home\/"},{"@type":"ListItem","position":2,"name":"Emplois"}]},{"@type":"WebSite","@id":"https:\/\/claus-carla.ch\/fr\/#website","url":"https:\/\/claus-carla.ch\/fr\/","name":"Coiffure Claus & Carla","description":"","publisher":{"@id":"https:\/\/claus-carla.ch\/fr\/#organization"},"alternateName":"Claus & Carla","potentialAction":[{"@type":"SearchAction","target":{"@type":"EntryPoint","urlTemplate":"https:\/\/claus-carla.ch\/fr\/?s={search_term_string}"},"query-input":{"@type":"PropertyValueSpecification","valueRequired":true,"valueName":"search_term_string"}}],"inLanguage":"fr-FR"},{"@type":["Organization","HairSalon"],"@id":"https:\/\/claus-carla.ch\/fr\/#organization","name":"Coiffure Claus & Carla","url":"https:\/\/claus-carla.ch\/fr\/","logo":{"@type":"ImageObject","inLanguage":"fr-FR","@id":"https:\/\/claus-carla.ch\/fr\/#\/schema\/logo\/image\/","url":"https:\/\/claus-carla.ch\/wp-content\/uploads\/2023\/07\/logo-white-header.png","contentUrl":"https:\/\/claus-carla.ch\/wp-content\/uploads\/2023\/07\/logo-white-header.png","width":192,"height":69,"caption":"Coiffure Claus & Carla"},"image":{"@id":"https:\/\/claus-carla.ch\/fr\/#\/schema\/logo\/image\/"}}]}},"_links":{"self":[{"href":"https:\/\/claus-carla.ch\/fr\/wp-json\/wp\/v2\/pages\/4097","targetHints":{"allow":["GET"]}}],"collection":[{"href":"https:\/\/claus-carla.ch\/fr\/wp-json\/wp\/v2\/pages"}],"about":[{"href":"https:\/\/claus-carla.ch\/fr\/wp-json\/wp\/v2\/types\/page"}],"author":[{"embeddable":true,"href":"https:\/\/claus-carla.ch\/fr\/wp-json\/wp\/v2\/users\/1"}],"replies":[{"embeddable":true,"href":"https:\/\/claus-carla.ch\/fr\/wp-json\/wp\/v2\/comments?post=4097"}],"version-history":[{"count":162,"href":"https:\/\/claus-carla.ch\/fr\/wp-json\/wp\/v2\/pages\/4097\/revisions"}],"predecessor-version":[{"id":15565,"href":"https:\/\/claus-carla.ch\/fr\/wp-json\/wp\/v2\/pages\/4097\/revisions\/15565"}],"wp:attachment":[{"href":"https:\/\/claus-carla.ch\/fr\/wp-json\/wp\/v2\/media?parent=4097"}],"curies":[{"name":"wp","href":"https:\/\/api.w.org\/{rel}","templated":true}]}}